{"id":2860,"date":"2024-10-16T17:03:08","date_gmt":"2024-10-16T20:03:08","guid":{"rendered":"https:\/\/mbinitiative.org\/?page_id=2860"},"modified":"2025-01-20T13:59:07","modified_gmt":"2025-01-20T16:59:07","slug":"cancer-do-filho-fez-empresario-criar-centro-de-pesquisas","status":"publish","type":"page","link":"https:\/\/mbinitiative.org\/pt\/sons-cancer-diagnosis-made-businessman-create-research-center-in-search-of-solutions-2\/","title":{"rendered":"Son&#8217;s cancer diagnosis prompts businessman to create research center in search of solutions"},"content":{"rendered":"<div data-elementor-type=\"wp-page\" data-elementor-id=\"2860\" class=\"elementor elementor-2860\" data-elementor-post-type=\"page\">\n\t\t\t\t<div class=\"elementor-element elementor-element-ea9f624 e-flex e-con-boxed e-con e-parent\" data-id=\"ea9f624\" data-element_type=\"container\" data-e-type=\"container\" data-settings=\"{&quot;jet_parallax_layout_list&quot;:[]}\">\n\t\t\t\t\t<div class=\"e-con-inner\">\n\t\t<div class=\"elementor-element elementor-element-d560df1 e-flex e-con-boxed e-con e-child\" data-id=\"d560df1\" data-element_type=\"container\" data-e-type=\"container\" data-settings=\"{&quot;jet_parallax_layout_list&quot;:[]}\">\n\t\t\t\t\t<div class=\"e-con-inner\">\n\t\t\t\t<div class=\"elementor-element elementor-element-d8d8b52 elementor-widget__width-auto elementor-widget elementor-widget-text-editor\" data-id=\"d8d8b52\" data-element_type=\"widget\" data-e-type=\"widget\" data-widget_type=\"text-editor.default\">\n\t\t\t\t<div class=\"elementor-widget-container\">\n\t\t\t\t\t\t\t\t\t<p>Por Ana Louren\u00e7o<span style=\"color: var( --e-global-color-text ); font-family: var( --e-global-typography-text-font-family ), Sans-serif; font-size: 1rem; font-weight: var( --e-global-typography-text-font-weight ); text-align: var(--text-align); letter-spacing: var( --e-global-typography-abc911e-letter-spacing ); word-spacing: var( --e-global-typography-abc911e-word-spacing );\">\u00a0<\/span><\/p><div><span style=\"color: var( --e-global-color-text ); font-family: var( --e-global-typography-text-font-family ), Sans-serif; font-size: 1rem; font-weight: var( --e-global-typography-text-font-weight ); text-align: var(--text-align); letter-spacing: var( --e-global-typography-abc911e-letter-spacing ); word-spacing: var( --e-global-typography-abc911e-word-spacing );\">\u00a0<\/span><\/div>\t\t\t\t\t\t\t\t<\/div>\n\t\t\t\t<\/div>\n\t\t\t\t<div class=\"elementor-element elementor-element-f6529cd elementor-widget__width-auto elementor-widget elementor-widget-text-editor\" data-id=\"f6529cd\" data-element_type=\"widget\" data-e-type=\"widget\" data-widget_type=\"text-editor.default\">\n\t\t\t\t<div class=\"elementor-widget-container\">\n\t\t\t\t\t\t\t\t\t<p>Estad\u00e3o &#8211; 22\/10\/2023<\/p>\t\t\t\t\t\t\t\t<\/div>\n\t\t\t\t<\/div>\n\t\t\t\t\t<\/div>\n\t\t\t\t<\/div>\n\t\t\t\t<div class=\"elementor-element elementor-element-296b965 elementor-widget elementor-widget-heading\" data-id=\"296b965\" data-element_type=\"widget\" data-e-type=\"widget\" data-widget_type=\"heading.default\">\n\t\t\t\t<div class=\"elementor-widget-container\">\n\t\t\t\t\t<h2 class=\"elementor-heading-title elementor-size-default\">Diagn\u00f3stico de c\u00e2ncer do filho fez empres\u00e1rio criar centro de pesquisa atr\u00e1s de solu\u00e7\u00f5es<\/h2>\t\t\t\t<\/div>\n\t\t\t\t<\/div>\n\t\t\t\t<div class=\"elementor-element elementor-element-e7a7dd3 elementor-widget-divider--view-line elementor-widget elementor-widget-divider\" data-id=\"e7a7dd3\" data-element_type=\"widget\" data-e-type=\"widget\" data-widget_type=\"divider.default\">\n\t\t\t\t<div class=\"elementor-widget-container\">\n\t\t\t\t\t\t\t<div class=\"elementor-divider\">\n\t\t\t<span class=\"elementor-divider-separator\">\n\t\t\t\t\t\t<\/span>\n\t\t<\/div>\n\t\t\t\t\t\t<\/div>\n\t\t\t\t<\/div>\n\t\t<div class=\"elementor-element elementor-element-62dc264 e-flex e-con-boxed e-con e-child\" data-id=\"62dc264\" data-element_type=\"container\" data-e-type=\"container\" data-settings=\"{&quot;jet_parallax_layout_list&quot;:[]}\">\n\t\t\t\t\t<div class=\"e-con-inner\">\n\t\t\t\t<div class=\"elementor-element elementor-element-b760b09 elementor-widget__width-initial elementor-widget-tablet__width-initial elementor-widget elementor-widget-text-editor\" data-id=\"b760b09\" data-element_type=\"widget\" data-e-type=\"widget\" data-widget_type=\"text-editor.default\">\n\t\t\t\t<div class=\"elementor-widget-container\">\n\t\t\t\t\t\t\t\t\t<p>Nunca \u00e9 f\u00e1cil receber um diagn\u00f3stico de c\u00e2ncer, uma doen\u00e7a rodeada por tabus. Mas, de acordo com o empres\u00e1rio Fernando Goldsztein, de 56 anos, o diagn\u00f3stico pessoal n\u00e3o \u00e9 nada perto da dor de escutar que seu filho tem a doen\u00e7a.<\/p><p>\"Voc\u00ea fica sem ch\u00e3o, deseja trocar de lugar com ele. \u00c9 uma sensa\u00e7\u00e3o muito estranha\u201d, afirma. Em 2004, quando teve um condrossarcoma (tumor maligno no osso), Goldsztein fez o tratamento, tirou parte do calcanhar, recebeu um enxerto e, hoje, at\u00e9 corre maratonas.<\/p><p>Mas quando o filho Frederico, na \u00e9poca com 9 anos, foi diagnosticado com meduloblastoma \u2013 tumor cerebral com baixa taxa de sobreviv\u00eancia \u2013, a situa\u00e7\u00e3o foi outra. Agradecemos ao Estad\u00e3o e \u00e0 jornalista Ana Louren\u00e7o por compartilhar a nossa hist\u00f3ria.<\/p><p>A mat\u00e9ria completa voc\u00ea acessa <a href=\"https:\/\/www.estadao.com.br\/amp\/saude\/diagnostico-de-cancer-do-filho-fez-empresario-criar-centro-de-pesquisa-atras-de-solucoes\/\">aqui.<\/a><\/p>\t\t\t\t\t\t\t\t<\/div>\n\t\t\t\t<\/div>\n\t\t\t\t<div class=\"elementor-element elementor-element-7bdf26e elementor-widget elementor-widget-image\" data-id=\"7bdf26e\" data-element_type=\"widget\" data-e-type=\"widget\" data-widget_type=\"image.default\">\n\t\t\t\t<div class=\"elementor-widget-container\">\n\t\t\t\t\t\t\t\t\t\t\t\t<figure class=\"wp-caption\">\n\t\t\t\t\t\t\t\t\t\t\t<a href=\"https:\/\/mbinitiative.org\/wp-content\/uploads\/2024\/08\/Folha_BR.pdf\">\n\t\t\t\t\t\t\t<img fetchpriority=\"high\" decoding=\"async\" width=\"989\" height=\"4086\" src=\"https:\/\/mbinitiative.org\/wp-content\/uploads\/2024\/11\/Estadao.png\" class=\"attachment-full size-full wp-image-3044\" alt=\"\" srcset=\"https:\/\/mbinitiative.org\/wp-content\/uploads\/2024\/11\/Estadao.png 989w, https:\/\/mbinitiative.org\/wp-content\/uploads\/2024\/11\/Estadao-248x1024.png 248w, https:\/\/mbinitiative.org\/wp-content\/uploads\/2024\/11\/Estadao-768x3173.png 768w, https:\/\/mbinitiative.org\/wp-content\/uploads\/2024\/11\/Estadao-372x1536.png 372w, https:\/\/mbinitiative.org\/wp-content\/uploads\/2024\/11\/Estadao-496x2048.png 496w, https:\/\/mbinitiative.org\/wp-content\/uploads\/2024\/11\/Estadao-3x12.png 3w\" sizes=\"(max-width: 989px) 100vw, 989px\" \/>\t\t\t\t\t\t\t\t<\/a>\n\t\t\t\t\t\t\t\t\t\t\t<figcaption class=\"widget-image-caption wp-caption-text\">*Diagramado pela MBI<\/figcaption>\n\t\t\t\t\t\t\t\t\t\t<\/figure>\n\t\t\t\t\t\t\t\t\t<\/div>\n\t\t\t\t<\/div>\n\t\t\t\t\t<\/div>\n\t\t\t\t<\/div>\n\t\t\t\t<div class=\"elementor-element elementor-element-1b1b2a5 elementor-align-right elementor-widget elementor-widget-button\" data-id=\"1b1b2a5\" data-element_type=\"widget\" data-e-type=\"widget\" data-widget_type=\"button.default\">\n\t\t\t\t<div class=\"elementor-widget-container\">\n\t\t\t\t\t\t\t\t\t<div class=\"elementor-button-wrapper\">\n\t\t\t\t\t<a class=\"elementor-button elementor-button-link elementor-size-sm\" href=\"https:\/\/mbinitiative.org\/pt\/#namidia\">\n\t\t\t\t\t\t<span class=\"elementor-button-content-wrapper\">\n\t\t\t\t\t\t<span class=\"elementor-button-icon\">\n\t\t\t\t<i aria-hidden=\"true\" class=\"fas fa-chevron-left\"><\/i>\t\t\t<\/span>\n\t\t\t\t\t\t\t\t\t<span class=\"elementor-button-text\">VOLTAR<\/span>\n\t\t\t\t\t<\/span>\n\t\t\t\t\t<\/a>\n\t\t\t\t<\/div>\n\t\t\t\t\t\t\t\t<\/div>\n\t\t\t\t<\/div>\n\t\t\t\t\t<\/div>\n\t\t\t\t<\/div>\n\t\t\t\t<\/div>","protected":false},"excerpt":{"rendered":"<p>Businessman Fernando Goldsztein, 56, says that his personal diagnosis is nothing compared to the pain of hearing that his son has the disease.<\/p>","protected":false},"author":4,"featured_media":3111,"parent":0,"menu_order":0,"comment_status":"closed","ping_status":"closed","template":"","meta":{"footnotes":""},"class_list":["post-2860","page","type-page","status-publish","has-post-thumbnail","hentry"],"yoast_head":"<!-- This site is optimized with the Yoast SEO plugin v27.4 - https:\/\/yoast.com\/product\/yoast-seo-wordpress\/ -->\n<title>Son&#039;s cancer diagnosis prompts businessman to create research center in search of solutions<\/title>\n<meta name=\"description\" content=\"Businessman Fernando Goldsztein, 56, says that his personal diagnosis is nothing compared to the pain of hearing that his son has the disease.\" \/>\n<meta name=\"robots\" content=\"index, follow, max-snippet:-1, max-image-preview:large, max-video-preview:-1\" \/>\n<link rel=\"canonical\" href=\"https:\/\/mbinitiative.org\/pt\/cancer-do-filho-fez-empresario-criar-centro-de-pesquisas\/\" \/>\n<meta property=\"og:locale\" content=\"pt_BR\" \/>\n<meta property=\"og:type\" content=\"article\" \/>\n<meta property=\"og:title\" content=\"Son&#039;s cancer diagnosis prompts businessman to create research center in search of solutions\" \/>\n<meta property=\"og:description\" content=\"Businessman Fernando Goldsztein, 56, says that his personal diagnosis is nothing compared to the pain of hearing that his son has the disease.\" \/>\n<meta property=\"og:url\" content=\"https:\/\/mbinitiative.org\/pt\/cancer-do-filho-fez-empresario-criar-centro-de-pesquisas\/\" \/>\n<meta property=\"og:site_name\" content=\"The Medulloblastoma Initiative\" \/>\n<meta property=\"article:publisher\" content=\"https:\/\/www.facebook.com\/themedulloblastomainitiative\" \/>\n<meta property=\"article:modified_time\" content=\"2025-01-20T16:59:07+00:00\" \/>\n<meta property=\"og:image\" content=\"https:\/\/mbinitiative.org\/wp-content\/uploads\/2024\/11\/Captura-de-tela-2024-11-26-110542.png\" \/>\n\t<meta property=\"og:image:width\" content=\"435\" \/>\n\t<meta property=\"og:image:height\" content=\"288\" \/>\n\t<meta property=\"og:image:type\" content=\"image\/png\" \/>\n<meta name=\"twitter:card\" content=\"summary_large_image\" \/>\n<meta name=\"twitter:label1\" content=\"Est. tempo de leitura\" \/>\n\t<meta name=\"twitter:data1\" content=\"2 minutos\" \/>\n<script type=\"application\/ld+json\" class=\"yoast-schema-graph\">{\"@context\":\"https:\\\/\\\/schema.org\",\"@graph\":[{\"@type\":\"WebPage\",\"@id\":\"https:\\\/\\\/mbinitiative.org\\\/sons-cancer-diagnosis-made-businessman-create-research-center-in-search-of-solutions-2\\\/\",\"url\":\"https:\\\/\\\/mbinitiative.org\\\/sons-cancer-diagnosis-made-businessman-create-research-center-in-search-of-solutions-2\\\/\",\"name\":\"Son's cancer diagnosis prompts businessman to create research center in search of solutions\",\"isPartOf\":{\"@id\":\"https:\\\/\\\/mbinitiative.org\\\/#website\"},\"primaryImageOfPage\":{\"@id\":\"https:\\\/\\\/mbinitiative.org\\\/sons-cancer-diagnosis-made-businessman-create-research-center-in-search-of-solutions-2\\\/#primaryimage\"},\"image\":{\"@id\":\"https:\\\/\\\/mbinitiative.org\\\/sons-cancer-diagnosis-made-businessman-create-research-center-in-search-of-solutions-2\\\/#primaryimage\"},\"thumbnailUrl\":\"https:\\\/\\\/mbinitiative.org\\\/wp-content\\\/uploads\\\/2024\\\/11\\\/Captura-de-tela-2024-11-26-110542.png\",\"datePublished\":\"2024-10-16T20:03:08+00:00\",\"dateModified\":\"2025-01-20T16:59:07+00:00\",\"description\":\"Businessman Fernando Goldsztein, 56, says that his personal diagnosis is nothing compared to the pain of hearing that his son has the disease.\",\"breadcrumb\":{\"@id\":\"https:\\\/\\\/mbinitiative.org\\\/sons-cancer-diagnosis-made-businessman-create-research-center-in-search-of-solutions-2\\\/#breadcrumb\"},\"inLanguage\":\"pt-BR\",\"potentialAction\":[{\"@type\":\"ReadAction\",\"target\":[\"https:\\\/\\\/mbinitiative.org\\\/sons-cancer-diagnosis-made-businessman-create-research-center-in-search-of-solutions-2\\\/\"]}]},{\"@type\":\"ImageObject\",\"inLanguage\":\"pt-BR\",\"@id\":\"https:\\\/\\\/mbinitiative.org\\\/sons-cancer-diagnosis-made-businessman-create-research-center-in-search-of-solutions-2\\\/#primaryimage\",\"url\":\"https:\\\/\\\/mbinitiative.org\\\/wp-content\\\/uploads\\\/2024\\\/11\\\/Captura-de-tela-2024-11-26-110542.png\",\"contentUrl\":\"https:\\\/\\\/mbinitiative.org\\\/wp-content\\\/uploads\\\/2024\\\/11\\\/Captura-de-tela-2024-11-26-110542.png\",\"width\":435,\"height\":288},{\"@type\":\"BreadcrumbList\",\"@id\":\"https:\\\/\\\/mbinitiative.org\\\/sons-cancer-diagnosis-made-businessman-create-research-center-in-search-of-solutions-2\\\/#breadcrumb\",\"itemListElement\":[{\"@type\":\"ListItem\",\"position\":1,\"name\":\"In\u00edcio\",\"item\":\"https:\\\/\\\/mbinitiative.org\\\/\"},{\"@type\":\"ListItem\",\"position\":2,\"name\":\"Son&#8217;s cancer diagnosis prompts businessman to create research center in search of solutions\"}]},{\"@type\":\"WebSite\",\"@id\":\"https:\\\/\\\/mbinitiative.org\\\/#website\",\"url\":\"https:\\\/\\\/mbinitiative.org\\\/\",\"name\":\"The Medulloblastoma Initiative\",\"description\":\"Cura do Meduloblastoma Infantil\",\"publisher\":{\"@id\":\"https:\\\/\\\/mbinitiative.org\\\/#organization\"},\"potentialAction\":[{\"@type\":\"SearchAction\",\"target\":{\"@type\":\"EntryPoint\",\"urlTemplate\":\"https:\\\/\\\/mbinitiative.org\\\/?s={search_term_string}\"},\"query-input\":{\"@type\":\"PropertyValueSpecification\",\"valueRequired\":true,\"valueName\":\"search_term_string\"}}],\"inLanguage\":\"pt-BR\"},{\"@type\":\"Organization\",\"@id\":\"https:\\\/\\\/mbinitiative.org\\\/#organization\",\"name\":\"The Medulloblastoma Initiative\",\"url\":\"https:\\\/\\\/mbinitiative.org\\\/\",\"logo\":{\"@type\":\"ImageObject\",\"inLanguage\":\"pt-BR\",\"@id\":\"https:\\\/\\\/mbinitiative.org\\\/#\\\/schema\\\/logo\\\/image\\\/\",\"url\":\"https:\\\/\\\/mbinitiative.org\\\/wp-content\\\/uploads\\\/2023\\\/10\\\/LOGO-MBI.png\",\"contentUrl\":\"https:\\\/\\\/mbinitiative.org\\\/wp-content\\\/uploads\\\/2023\\\/10\\\/LOGO-MBI.png\",\"width\":354,\"height\":168,\"caption\":\"The Medulloblastoma Initiative\"},\"image\":{\"@id\":\"https:\\\/\\\/mbinitiative.org\\\/#\\\/schema\\\/logo\\\/image\\\/\"},\"sameAs\":[\"https:\\\/\\\/www.facebook.com\\\/themedulloblastomainitiative\",\"https:\\\/\\\/www.instagram.com\\\/medulloblastomainitiative\\\/\",\"https:\\\/\\\/www.linkedin.com\\\/company\\\/medulloblastomainitiative\\\/\",\"https:\\\/\\\/www.youtube.com\\\/@mbinitiative\"]}]}<\/script>\n<!-- \/ Yoast SEO plugin. -->","yoast_head_json":{"title":"Diagn\u00f3stico de c\u00e2ncer do filho fez empres\u00e1rio criar centro de pesquisa atr\u00e1s de solu\u00e7\u00f5es","description":"Businessman Fernando Goldsztein, 56, says that his personal diagnosis is nothing compared to the pain of hearing that his son has the disease.","robots":{"index":"index","follow":"follow","max-snippet":"max-snippet:-1","max-image-preview":"max-image-preview:large","max-video-preview":"max-video-preview:-1"},"canonical":"https:\/\/mbinitiative.org\/pt\/cancer-do-filho-fez-empresario-criar-centro-de-pesquisas\/","og_locale":"pt_BR","og_type":"article","og_title":"Son's cancer diagnosis prompts businessman to create research center in search of solutions","og_description":"Businessman Fernando Goldsztein, 56, says that his personal diagnosis is nothing compared to the pain of hearing that his son has the disease.","og_url":"https:\/\/mbinitiative.org\/pt\/cancer-do-filho-fez-empresario-criar-centro-de-pesquisas\/","og_site_name":"The Medulloblastoma Initiative","article_publisher":"https:\/\/www.facebook.com\/themedulloblastomainitiative","article_modified_time":"2025-01-20T16:59:07+00:00","og_image":[{"width":435,"height":288,"url":"https:\/\/mbinitiative.org\/wp-content\/uploads\/2024\/11\/Captura-de-tela-2024-11-26-110542.png","type":"image\/png"}],"twitter_card":"summary_large_image","twitter_misc":{"Est. tempo de leitura":"2 minutos"},"schema":{"@context":"https:\/\/schema.org","@graph":[{"@type":"WebPage","@id":"https:\/\/mbinitiative.org\/sons-cancer-diagnosis-made-businessman-create-research-center-in-search-of-solutions-2\/","url":"https:\/\/mbinitiative.org\/sons-cancer-diagnosis-made-businessman-create-research-center-in-search-of-solutions-2\/","name":"Diagn\u00f3stico de c\u00e2ncer do filho fez empres\u00e1rio criar centro de pesquisa atr\u00e1s de solu\u00e7\u00f5es","isPartOf":{"@id":"https:\/\/mbinitiative.org\/#website"},"primaryImageOfPage":{"@id":"https:\/\/mbinitiative.org\/sons-cancer-diagnosis-made-businessman-create-research-center-in-search-of-solutions-2\/#primaryimage"},"image":{"@id":"https:\/\/mbinitiative.org\/sons-cancer-diagnosis-made-businessman-create-research-center-in-search-of-solutions-2\/#primaryimage"},"thumbnailUrl":"https:\/\/mbinitiative.org\/wp-content\/uploads\/2024\/11\/Captura-de-tela-2024-11-26-110542.png","datePublished":"2024-10-16T20:03:08+00:00","dateModified":"2025-01-20T16:59:07+00:00","description":"Businessman Fernando Goldsztein, 56, says that his personal diagnosis is nothing compared to the pain of hearing that his son has the disease.","breadcrumb":{"@id":"https:\/\/mbinitiative.org\/sons-cancer-diagnosis-made-businessman-create-research-center-in-search-of-solutions-2\/#breadcrumb"},"inLanguage":"pt-BR","potentialAction":[{"@type":"ReadAction","target":["https:\/\/mbinitiative.org\/sons-cancer-diagnosis-made-businessman-create-research-center-in-search-of-solutions-2\/"]}]},{"@type":"ImageObject","inLanguage":"pt-BR","@id":"https:\/\/mbinitiative.org\/sons-cancer-diagnosis-made-businessman-create-research-center-in-search-of-solutions-2\/#primaryimage","url":"https:\/\/mbinitiative.org\/wp-content\/uploads\/2024\/11\/Captura-de-tela-2024-11-26-110542.png","contentUrl":"https:\/\/mbinitiative.org\/wp-content\/uploads\/2024\/11\/Captura-de-tela-2024-11-26-110542.png","width":435,"height":288},{"@type":"BreadcrumbList","@id":"https:\/\/mbinitiative.org\/sons-cancer-diagnosis-made-businessman-create-research-center-in-search-of-solutions-2\/#breadcrumb","itemListElement":[{"@type":"ListItem","position":1,"name":"In\u00edcio","item":"https:\/\/mbinitiative.org\/"},{"@type":"ListItem","position":2,"name":"Son&#8217;s cancer diagnosis prompts businessman to create research center in search of solutions"}]},{"@type":"WebSite","@id":"https:\/\/mbinitiative.org\/#website","url":"https:\/\/mbinitiative.org\/","name":"(The Medulloblastoma Initiative)","description":"Cura do Meduloblastoma Infantil","publisher":{"@id":"https:\/\/mbinitiative.org\/#organization"},"potentialAction":[{"@type":"SearchAction","target":{"@type":"EntryPoint","urlTemplate":"https:\/\/mbinitiative.org\/?s={search_term_string}"},"query-input":{"@type":"PropertyValueSpecification","valueRequired":true,"valueName":"search_term_string"}}],"inLanguage":"pt-BR"},{"@type":"Organization","@id":"https:\/\/mbinitiative.org\/#organization","name":"(The Medulloblastoma Initiative)","url":"https:\/\/mbinitiative.org\/","logo":{"@type":"ImageObject","inLanguage":"pt-BR","@id":"https:\/\/mbinitiative.org\/#\/schema\/logo\/image\/","url":"https:\/\/mbinitiative.org\/wp-content\/uploads\/2023\/10\/LOGO-MBI.png","contentUrl":"https:\/\/mbinitiative.org\/wp-content\/uploads\/2023\/10\/LOGO-MBI.png","width":354,"height":168,"caption":"The Medulloblastoma Initiative"},"image":{"@id":"https:\/\/mbinitiative.org\/#\/schema\/logo\/image\/"},"sameAs":["https:\/\/www.facebook.com\/themedulloblastomainitiative","https:\/\/www.instagram.com\/medulloblastomainitiative\/","https:\/\/www.linkedin.com\/company\/medulloblastomainitiative\/","https:\/\/www.youtube.com\/@mbinitiative"]}]}},"_links":{"self":[{"href":"https:\/\/mbinitiative.org\/pt\/wp-json\/wp\/v2\/pages\/2860","targetHints":{"allow":["GET"]}}],"collection":[{"href":"https:\/\/mbinitiative.org\/pt\/wp-json\/wp\/v2\/pages"}],"about":[{"href":"https:\/\/mbinitiative.org\/pt\/wp-json\/wp\/v2\/types\/page"}],"author":[{"embeddable":true,"href":"https:\/\/mbinitiative.org\/pt\/wp-json\/wp\/v2\/users\/4"}],"replies":[{"embeddable":true,"href":"https:\/\/mbinitiative.org\/pt\/wp-json\/wp\/v2\/comments?post=2860"}],"version-history":[{"count":18,"href":"https:\/\/mbinitiative.org\/pt\/wp-json\/wp\/v2\/pages\/2860\/revisions"}],"predecessor-version":[{"id":3721,"href":"https:\/\/mbinitiative.org\/pt\/wp-json\/wp\/v2\/pages\/2860\/revisions\/3721"}],"wp:featuredmedia":[{"embeddable":true,"href":"https:\/\/mbinitiative.org\/pt\/wp-json\/wp\/v2\/media\/3111"}],"wp:attachment":[{"href":"https:\/\/mbinitiative.org\/pt\/wp-json\/wp\/v2\/media?parent=2860"}],"curies":[{"name":"wp","href":"https:\/\/api.w.org\/{rel}","templated":true}]}}