{"id":2233,"date":"2024-08-09T16:41:04","date_gmt":"2024-08-09T19:41:04","guid":{"rendered":"https:\/\/mbinitiative.org\/?page_id=2233"},"modified":"2025-02-10T11:53:47","modified_gmt":"2025-02-10T14:53:47","slug":"so-vou-parar-quando-descobrir-a-cura-do-cancer-do-meu-filho","status":"publish","type":"page","link":"https:\/\/mbinitiative.org\/pt\/i-will-only-stop-when-i-find-a-cure-for-my-sons-cancer\/","title":{"rendered":"&#8220;I will only stop when I find a cure for my son\u2019s cancer&#8221;"},"content":{"rendered":"<div data-elementor-type=\"wp-page\" data-elementor-id=\"2233\" class=\"elementor elementor-2233\" data-elementor-post-type=\"page\">\n\t\t\t\t<div class=\"elementor-element elementor-element-ea9f624 e-flex e-con-boxed e-con e-parent\" data-id=\"ea9f624\" data-element_type=\"container\" data-e-type=\"container\" data-settings=\"{&quot;jet_parallax_layout_list&quot;:[]}\">\n\t\t\t\t\t<div class=\"e-con-inner\">\n\t\t<div class=\"elementor-element elementor-element-d560df1 e-flex e-con-boxed e-con e-child\" data-id=\"d560df1\" data-element_type=\"container\" data-e-type=\"container\" data-settings=\"{&quot;jet_parallax_layout_list&quot;:[]}\">\n\t\t\t\t\t<div class=\"e-con-inner\">\n\t\t\t\t<div class=\"elementor-element elementor-element-d8d8b52 elementor-widget__width-auto elementor-widget elementor-widget-text-editor\" data-id=\"d8d8b52\" data-element_type=\"widget\" data-e-type=\"widget\" data-widget_type=\"text-editor.default\">\n\t\t\t\t<div class=\"elementor-widget-container\">\n\t\t\t\t\t\t\t\t\t<p>Por Eliane Trindade<\/p>\t\t\t\t\t\t\t\t<\/div>\n\t\t\t\t<\/div>\n\t\t\t\t<div class=\"elementor-element elementor-element-f6529cd elementor-widget__width-auto elementor-widget elementor-widget-text-editor\" data-id=\"f6529cd\" data-element_type=\"widget\" data-e-type=\"widget\" data-widget_type=\"text-editor.default\">\n\t\t\t\t<div class=\"elementor-widget-container\">\n\t\t\t\t\t\t\t\t\t<p>Folha de S\u00e3o Paulo \u2013 08\/08\/2024<\/p>\t\t\t\t\t\t\t\t<\/div>\n\t\t\t\t<\/div>\n\t\t\t\t\t<\/div>\n\t\t\t\t<\/div>\n\t\t\t\t<div class=\"elementor-element elementor-element-296b965 elementor-widget elementor-widget-heading\" data-id=\"296b965\" data-element_type=\"widget\" data-e-type=\"widget\" data-widget_type=\"heading.default\">\n\t\t\t\t<div class=\"elementor-widget-container\">\n\t\t\t\t\t<h2 class=\"elementor-heading-title elementor-size-default\">'S\u00f3 vou parar quando descobrir a cura do c\u00e2ncer do meu filho'<\/h2>\t\t\t\t<\/div>\n\t\t\t\t<\/div>\n\t\t\t\t<div class=\"elementor-element elementor-element-e7a7dd3 elementor-widget-divider--view-line elementor-widget elementor-widget-divider\" data-id=\"e7a7dd3\" data-element_type=\"widget\" data-e-type=\"widget\" data-widget_type=\"divider.default\">\n\t\t\t\t<div class=\"elementor-widget-container\">\n\t\t\t\t\t\t\t<div class=\"elementor-divider\">\n\t\t\t<span class=\"elementor-divider-separator\">\n\t\t\t\t\t\t<\/span>\n\t\t<\/div>\n\t\t\t\t\t\t<\/div>\n\t\t\t\t<\/div>\n\t\t<div class=\"elementor-element elementor-element-62dc264 e-flex e-con-boxed e-con e-child\" data-id=\"62dc264\" data-element_type=\"container\" data-e-type=\"container\" data-settings=\"{&quot;jet_parallax_layout_list&quot;:[]}\">\n\t\t\t\t\t<div class=\"e-con-inner\">\n\t\t\t\t<div class=\"elementor-element elementor-element-b760b09 elementor-widget__width-initial elementor-widget-tablet__width-initial elementor-widget elementor-widget-text-editor\" data-id=\"b760b09\" data-element_type=\"widget\" data-e-type=\"widget\" data-widget_type=\"text-editor.default\">\n\t\t\t\t<div class=\"elementor-widget-container\">\n\t\t\t\t\t\t\t\t\t<p>\u201cPretendo trabalhar o resto da minha vida em prol do c\u00e2ncer pedi\u00e1trico. Tenho certeza de que esse grupo de cientistas vai achar a cura do meduloblastoma. E uma vez achada a cura desse tumor, vamos partir para outro.\u201d Essa \u00e9 a for\u00e7a que move a MBI, contada pelo fundador Fernando Goldsztein \u00e0 jornalista Eliane Trindade, da Folha de S\u00e3o Paulo.<\/p><p>Agradecemos \u00e0 Folha de S\u00e3o Paulo e \u00e0 jornalista Eliane Trindade por compartilhar a nossa hist\u00f3ria na Folha Social+.<\/p><p>A mat\u00e9ria completa voc\u00ea acessa <a href=\"https:\/\/www1.folha.uol.com.br\/colunas\/redesocial\/2024\/08\/so-vou-parar-quando-descobrir-a-cura-do-cancer-do-meu-filho-diz-pai-que-apoia-pesquisa.shtml\">aqui<\/a><\/p>\t\t\t\t\t\t\t\t<\/div>\n\t\t\t\t<\/div>\n\t\t\t\t<div class=\"elementor-element elementor-element-7bdf26e elementor-widget elementor-widget-image\" data-id=\"7bdf26e\" data-element_type=\"widget\" data-e-type=\"widget\" data-widget_type=\"image.default\">\n\t\t\t\t<div class=\"elementor-widget-container\">\n\t\t\t\t\t\t\t\t\t\t\t\t<figure class=\"wp-caption\">\n\t\t\t\t\t\t\t\t\t\t\t<a href=\"https:\/\/mbinitiative.org\/wp-content\/uploads\/2024\/08\/Folha_BR.pdf\">\n\t\t\t\t\t\t\t<img fetchpriority=\"high\" decoding=\"async\" width=\"312\" height=\"2560\" src=\"https:\/\/mbinitiative.org\/wp-content\/uploads\/2024\/08\/Folha_BR-scaled.jpg\" class=\"attachment-full size-full wp-image-2237\" alt=\"\" srcset=\"https:\/\/mbinitiative.org\/wp-content\/uploads\/2024\/08\/Folha_BR-scaled.jpg 312w, https:\/\/mbinitiative.org\/wp-content\/uploads\/2024\/08\/Folha_BR-768x6298.jpg 768w\" sizes=\"(max-width: 312px) 100vw, 312px\" \/>\t\t\t\t\t\t\t\t<\/a>\n\t\t\t\t\t\t\t\t\t\t\t<figcaption class=\"widget-image-caption wp-caption-text\">*Diagramado pela MBI<\/figcaption>\n\t\t\t\t\t\t\t\t\t\t<\/figure>\n\t\t\t\t\t\t\t\t\t<\/div>\n\t\t\t\t<\/div>\n\t\t\t\t\t<\/div>\n\t\t\t\t<\/div>\n\t\t\t\t<div class=\"elementor-element elementor-element-1b1b2a5 elementor-align-right elementor-widget elementor-widget-button\" data-id=\"1b1b2a5\" data-element_type=\"widget\" data-e-type=\"widget\" data-widget_type=\"button.default\">\n\t\t\t\t<div class=\"elementor-widget-container\">\n\t\t\t\t\t\t\t\t\t<div class=\"elementor-button-wrapper\">\n\t\t\t\t\t<a class=\"elementor-button elementor-button-link elementor-size-sm\" href=\"https:\/\/mbinitiative.org\/pt\/#namidia\">\n\t\t\t\t\t\t<span class=\"elementor-button-content-wrapper\">\n\t\t\t\t\t\t<span class=\"elementor-button-icon\">\n\t\t\t\t<i aria-hidden=\"true\" class=\"fas fa-chevron-left\"><\/i>\t\t\t<\/span>\n\t\t\t\t\t\t\t\t\t<span class=\"elementor-button-text\">Voltar<\/span>\n\t\t\t\t\t<\/span>\n\t\t\t\t\t<\/a>\n\t\t\t\t<\/div>\n\t\t\t\t\t\t\t\t<\/div>\n\t\t\t\t<\/div>\n\t\t\t\t\t<\/div>\n\t\t\t\t<\/div>\n\t\t\t\t<\/div>","protected":false},"excerpt":{"rendered":"<p>An exciting journey to find a cure for childhood cancer. Discover how you can help transform lives with The Medulloblastoma Initiative.<\/p>","protected":false},"author":4,"featured_media":3098,"parent":0,"menu_order":0,"comment_status":"closed","ping_status":"closed","template":"","meta":{"footnotes":""},"class_list":["post-2233","page","type-page","status-publish","has-post-thumbnail","hentry"],"yoast_head":"<!-- This site is optimized with the Yoast SEO plugin v27.4 - https:\/\/yoast.com\/product\/yoast-seo-wordpress\/ -->\n<title>In search of a cure for childhood cancer | The Medulloblastoma Initiative<\/title>\n<meta name=\"description\" content=\"An exciting journey to find a cure for childhood cancer. Discover how you can help transform lives with The Medulloblastoma Initiative.\" \/>\n<meta name=\"robots\" content=\"index, follow, max-snippet:-1, max-image-preview:large, max-video-preview:-1\" \/>\n<link rel=\"canonical\" href=\"https:\/\/mbinitiative.org\/pt\/so-vou-parar-quando-descobrir-a-cura-do-cancer-do-meu-filho\/\" \/>\n<meta property=\"og:locale\" content=\"pt_BR\" \/>\n<meta property=\"og:type\" content=\"article\" \/>\n<meta property=\"og:title\" content=\"In search of a cure for childhood cancer | The Medulloblastoma Initiative\" \/>\n<meta property=\"og:description\" content=\"An exciting journey to find a cure for childhood cancer. Discover how you can help transform lives with The Medulloblastoma Initiative.\" \/>\n<meta property=\"og:url\" content=\"https:\/\/mbinitiative.org\/pt\/so-vou-parar-quando-descobrir-a-cura-do-cancer-do-meu-filho\/\" \/>\n<meta property=\"og:site_name\" content=\"The Medulloblastoma Initiative\" \/>\n<meta property=\"article:publisher\" content=\"https:\/\/www.facebook.com\/themedulloblastomainitiative\" \/>\n<meta property=\"article:modified_time\" content=\"2025-02-10T14:53:47+00:00\" \/>\n<meta property=\"og:image\" content=\"https:\/\/mbinitiative.org\/wp-content\/uploads\/2024\/11\/imagem_2024-11-26_110622626.png\" \/>\n\t<meta property=\"og:image:width\" content=\"435\" \/>\n\t<meta property=\"og:image:height\" content=\"288\" \/>\n\t<meta property=\"og:image:type\" content=\"image\/png\" \/>\n<meta name=\"twitter:card\" content=\"summary_large_image\" \/>\n<meta name=\"twitter:label1\" content=\"Est. tempo de leitura\" \/>\n\t<meta name=\"twitter:data1\" content=\"2 minutos\" \/>\n<script type=\"application\/ld+json\" class=\"yoast-schema-graph\">{\"@context\":\"https:\\\/\\\/schema.org\",\"@graph\":[{\"@type\":\"NewsArticle\",\"@id\":\"https:\\\/\\\/mbinitiative.org\\\/i-will-only-stop-when-i-find-a-cure-for-my-sons-cancer\\\/#article\",\"isPartOf\":{\"@id\":\"https:\\\/\\\/mbinitiative.org\\\/i-will-only-stop-when-i-find-a-cure-for-my-sons-cancer\\\/\"},\"author\":{\"name\":\"MBI\",\"@id\":\"https:\\\/\\\/mbinitiative.org\\\/#\\\/schema\\\/person\\\/466abe8aeac08de69ff51a723b647b7f\"},\"headline\":\"&#8220;I will only stop when I find a cure for my son\u2019s cancer&#8221;\",\"datePublished\":\"2024-08-09T19:41:04+00:00\",\"dateModified\":\"2025-02-10T14:53:47+00:00\",\"mainEntityOfPage\":{\"@id\":\"https:\\\/\\\/mbinitiative.org\\\/i-will-only-stop-when-i-find-a-cure-for-my-sons-cancer\\\/\"},\"wordCount\":137,\"publisher\":{\"@id\":\"https:\\\/\\\/mbinitiative.org\\\/#organization\"},\"image\":{\"@id\":\"https:\\\/\\\/mbinitiative.org\\\/i-will-only-stop-when-i-find-a-cure-for-my-sons-cancer\\\/#primaryimage\"},\"thumbnailUrl\":\"https:\\\/\\\/mbinitiative.org\\\/wp-content\\\/uploads\\\/2024\\\/11\\\/imagem_2024-11-26_110622626.png\",\"inLanguage\":\"pt-BR\"},{\"@type\":\"WebPage\",\"@id\":\"https:\\\/\\\/mbinitiative.org\\\/i-will-only-stop-when-i-find-a-cure-for-my-sons-cancer\\\/\",\"url\":\"https:\\\/\\\/mbinitiative.org\\\/i-will-only-stop-when-i-find-a-cure-for-my-sons-cancer\\\/\",\"name\":\"In search of a cure for childhood cancer | The Medulloblastoma Initiative\",\"isPartOf\":{\"@id\":\"https:\\\/\\\/mbinitiative.org\\\/#website\"},\"primaryImageOfPage\":{\"@id\":\"https:\\\/\\\/mbinitiative.org\\\/i-will-only-stop-when-i-find-a-cure-for-my-sons-cancer\\\/#primaryimage\"},\"image\":{\"@id\":\"https:\\\/\\\/mbinitiative.org\\\/i-will-only-stop-when-i-find-a-cure-for-my-sons-cancer\\\/#primaryimage\"},\"thumbnailUrl\":\"https:\\\/\\\/mbinitiative.org\\\/wp-content\\\/uploads\\\/2024\\\/11\\\/imagem_2024-11-26_110622626.png\",\"datePublished\":\"2024-08-09T19:41:04+00:00\",\"dateModified\":\"2025-02-10T14:53:47+00:00\",\"description\":\"An exciting journey to find a cure for childhood cancer. Discover how you can help transform lives with The Medulloblastoma Initiative.\",\"breadcrumb\":{\"@id\":\"https:\\\/\\\/mbinitiative.org\\\/i-will-only-stop-when-i-find-a-cure-for-my-sons-cancer\\\/#breadcrumb\"},\"inLanguage\":\"pt-BR\",\"potentialAction\":[{\"@type\":\"ReadAction\",\"target\":[\"https:\\\/\\\/mbinitiative.org\\\/i-will-only-stop-when-i-find-a-cure-for-my-sons-cancer\\\/\"]}]},{\"@type\":\"ImageObject\",\"inLanguage\":\"pt-BR\",\"@id\":\"https:\\\/\\\/mbinitiative.org\\\/i-will-only-stop-when-i-find-a-cure-for-my-sons-cancer\\\/#primaryimage\",\"url\":\"https:\\\/\\\/mbinitiative.org\\\/wp-content\\\/uploads\\\/2024\\\/11\\\/imagem_2024-11-26_110622626.png\",\"contentUrl\":\"https:\\\/\\\/mbinitiative.org\\\/wp-content\\\/uploads\\\/2024\\\/11\\\/imagem_2024-11-26_110622626.png\",\"width\":435,\"height\":288},{\"@type\":\"BreadcrumbList\",\"@id\":\"https:\\\/\\\/mbinitiative.org\\\/i-will-only-stop-when-i-find-a-cure-for-my-sons-cancer\\\/#breadcrumb\",\"itemListElement\":[{\"@type\":\"ListItem\",\"position\":1,\"name\":\"In\u00edcio\",\"item\":\"https:\\\/\\\/mbinitiative.org\\\/\"},{\"@type\":\"ListItem\",\"position\":2,\"name\":\"&#8220;I will only stop when I find a cure for my son\u2019s cancer&#8221;\"}]},{\"@type\":\"WebSite\",\"@id\":\"https:\\\/\\\/mbinitiative.org\\\/#website\",\"url\":\"https:\\\/\\\/mbinitiative.org\\\/\",\"name\":\"The Medulloblastoma Initiative\",\"description\":\"Cura do Meduloblastoma Infantil\",\"publisher\":{\"@id\":\"https:\\\/\\\/mbinitiative.org\\\/#organization\"},\"potentialAction\":[{\"@type\":\"SearchAction\",\"target\":{\"@type\":\"EntryPoint\",\"urlTemplate\":\"https:\\\/\\\/mbinitiative.org\\\/?s={search_term_string}\"},\"query-input\":{\"@type\":\"PropertyValueSpecification\",\"valueRequired\":true,\"valueName\":\"search_term_string\"}}],\"inLanguage\":\"pt-BR\"},{\"@type\":\"Organization\",\"@id\":\"https:\\\/\\\/mbinitiative.org\\\/#organization\",\"name\":\"The Medulloblastoma Initiative\",\"url\":\"https:\\\/\\\/mbinitiative.org\\\/\",\"logo\":{\"@type\":\"ImageObject\",\"inLanguage\":\"pt-BR\",\"@id\":\"https:\\\/\\\/mbinitiative.org\\\/#\\\/schema\\\/logo\\\/image\\\/\",\"url\":\"https:\\\/\\\/mbinitiative.org\\\/wp-content\\\/uploads\\\/2023\\\/10\\\/LOGO-MBI.png\",\"contentUrl\":\"https:\\\/\\\/mbinitiative.org\\\/wp-content\\\/uploads\\\/2023\\\/10\\\/LOGO-MBI.png\",\"width\":354,\"height\":168,\"caption\":\"The Medulloblastoma Initiative\"},\"image\":{\"@id\":\"https:\\\/\\\/mbinitiative.org\\\/#\\\/schema\\\/logo\\\/image\\\/\"},\"sameAs\":[\"https:\\\/\\\/www.facebook.com\\\/themedulloblastomainitiative\",\"https:\\\/\\\/www.instagram.com\\\/medulloblastomainitiative\\\/\",\"https:\\\/\\\/www.linkedin.com\\\/company\\\/medulloblastomainitiative\\\/\",\"https:\\\/\\\/www.youtube.com\\\/@mbinitiative\"]},{\"@type\":\"Person\",\"@id\":\"https:\\\/\\\/mbinitiative.org\\\/#\\\/schema\\\/person\\\/466abe8aeac08de69ff51a723b647b7f\",\"name\":\"MBI\",\"image\":{\"@type\":\"ImageObject\",\"inLanguage\":\"pt-BR\",\"@id\":\"https:\\\/\\\/secure.gravatar.com\\\/avatar\\\/6446aa8591e99bf1553d89bc19db5af72fd25b4c6593ea37fd3dae05f7f06bb2?s=96&d=mm&r=g\",\"url\":\"https:\\\/\\\/secure.gravatar.com\\\/avatar\\\/6446aa8591e99bf1553d89bc19db5af72fd25b4c6593ea37fd3dae05f7f06bb2?s=96&d=mm&r=g\",\"contentUrl\":\"https:\\\/\\\/secure.gravatar.com\\\/avatar\\\/6446aa8591e99bf1553d89bc19db5af72fd25b4c6593ea37fd3dae05f7f06bb2?s=96&d=mm&r=g\",\"caption\":\"MBI\"},\"url\":\"https:\\\/\\\/mbinitiative.org\\\/pt\\\/author\\\/mbi\\\/\"}]}<\/script>\n<!-- \/ Yoast SEO plugin. -->","yoast_head_json":{"title":"S\u00f3 vou parar quando descobrir a cura | The Medulloblastoma Initiative","description":"An exciting journey to find a cure for childhood cancer. Discover how you can help transform lives with The Medulloblastoma Initiative.","robots":{"index":"index","follow":"follow","max-snippet":"max-snippet:-1","max-image-preview":"max-image-preview:large","max-video-preview":"max-video-preview:-1"},"canonical":"https:\/\/mbinitiative.org\/pt\/so-vou-parar-quando-descobrir-a-cura-do-cancer-do-meu-filho\/","og_locale":"pt_BR","og_type":"article","og_title":"In search of a cure for childhood cancer | The Medulloblastoma Initiative","og_description":"An exciting journey to find a cure for childhood cancer. Discover how you can help transform lives with The Medulloblastoma Initiative.","og_url":"https:\/\/mbinitiative.org\/pt\/so-vou-parar-quando-descobrir-a-cura-do-cancer-do-meu-filho\/","og_site_name":"The Medulloblastoma Initiative","article_publisher":"https:\/\/www.facebook.com\/themedulloblastomainitiative","article_modified_time":"2025-02-10T14:53:47+00:00","og_image":[{"width":435,"height":288,"url":"https:\/\/mbinitiative.org\/wp-content\/uploads\/2024\/11\/imagem_2024-11-26_110622626.png","type":"image\/png"}],"twitter_card":"summary_large_image","twitter_misc":{"Est. tempo de leitura":"2 minutos"},"schema":{"@context":"https:\/\/schema.org","@graph":[{"@type":"NewsArticle","@id":"https:\/\/mbinitiative.org\/i-will-only-stop-when-i-find-a-cure-for-my-sons-cancer\/#article","isPartOf":{"@id":"https:\/\/mbinitiative.org\/i-will-only-stop-when-i-find-a-cure-for-my-sons-cancer\/"},"author":{"name":"MBI","@id":"https:\/\/mbinitiative.org\/#\/schema\/person\/466abe8aeac08de69ff51a723b647b7f"},"headline":"&#8220;I will only stop when I find a cure for my son\u2019s cancer&#8221;","datePublished":"2024-08-09T19:41:04+00:00","dateModified":"2025-02-10T14:53:47+00:00","mainEntityOfPage":{"@id":"https:\/\/mbinitiative.org\/i-will-only-stop-when-i-find-a-cure-for-my-sons-cancer\/"},"wordCount":137,"publisher":{"@id":"https:\/\/mbinitiative.org\/#organization"},"image":{"@id":"https:\/\/mbinitiative.org\/i-will-only-stop-when-i-find-a-cure-for-my-sons-cancer\/#primaryimage"},"thumbnailUrl":"https:\/\/mbinitiative.org\/wp-content\/uploads\/2024\/11\/imagem_2024-11-26_110622626.png","inLanguage":"pt-BR"},{"@type":"WebPage","@id":"https:\/\/mbinitiative.org\/i-will-only-stop-when-i-find-a-cure-for-my-sons-cancer\/","url":"https:\/\/mbinitiative.org\/i-will-only-stop-when-i-find-a-cure-for-my-sons-cancer\/","name":"S\u00f3 vou parar quando descobrir a cura | The Medulloblastoma Initiative","isPartOf":{"@id":"https:\/\/mbinitiative.org\/#website"},"primaryImageOfPage":{"@id":"https:\/\/mbinitiative.org\/i-will-only-stop-when-i-find-a-cure-for-my-sons-cancer\/#primaryimage"},"image":{"@id":"https:\/\/mbinitiative.org\/i-will-only-stop-when-i-find-a-cure-for-my-sons-cancer\/#primaryimage"},"thumbnailUrl":"https:\/\/mbinitiative.org\/wp-content\/uploads\/2024\/11\/imagem_2024-11-26_110622626.png","datePublished":"2024-08-09T19:41:04+00:00","dateModified":"2025-02-10T14:53:47+00:00","description":"An exciting journey to find a cure for childhood cancer. Discover how you can help transform lives with The Medulloblastoma Initiative.","breadcrumb":{"@id":"https:\/\/mbinitiative.org\/i-will-only-stop-when-i-find-a-cure-for-my-sons-cancer\/#breadcrumb"},"inLanguage":"pt-BR","potentialAction":[{"@type":"ReadAction","target":["https:\/\/mbinitiative.org\/i-will-only-stop-when-i-find-a-cure-for-my-sons-cancer\/"]}]},{"@type":"ImageObject","inLanguage":"pt-BR","@id":"https:\/\/mbinitiative.org\/i-will-only-stop-when-i-find-a-cure-for-my-sons-cancer\/#primaryimage","url":"https:\/\/mbinitiative.org\/wp-content\/uploads\/2024\/11\/imagem_2024-11-26_110622626.png","contentUrl":"https:\/\/mbinitiative.org\/wp-content\/uploads\/2024\/11\/imagem_2024-11-26_110622626.png","width":435,"height":288},{"@type":"BreadcrumbList","@id":"https:\/\/mbinitiative.org\/i-will-only-stop-when-i-find-a-cure-for-my-sons-cancer\/#breadcrumb","itemListElement":[{"@type":"ListItem","position":1,"name":"In\u00edcio","item":"https:\/\/mbinitiative.org\/"},{"@type":"ListItem","position":2,"name":"&#8220;I will only stop when I find a cure for my son\u2019s cancer&#8221;"}]},{"@type":"WebSite","@id":"https:\/\/mbinitiative.org\/#website","url":"https:\/\/mbinitiative.org\/","name":"(The Medulloblastoma Initiative)","description":"Cura do Meduloblastoma Infantil","publisher":{"@id":"https:\/\/mbinitiative.org\/#organization"},"potentialAction":[{"@type":"SearchAction","target":{"@type":"EntryPoint","urlTemplate":"https:\/\/mbinitiative.org\/?s={search_term_string}"},"query-input":{"@type":"PropertyValueSpecification","valueRequired":true,"valueName":"search_term_string"}}],"inLanguage":"pt-BR"},{"@type":"Organization","@id":"https:\/\/mbinitiative.org\/#organization","name":"(The Medulloblastoma Initiative)","url":"https:\/\/mbinitiative.org\/","logo":{"@type":"ImageObject","inLanguage":"pt-BR","@id":"https:\/\/mbinitiative.org\/#\/schema\/logo\/image\/","url":"https:\/\/mbinitiative.org\/wp-content\/uploads\/2023\/10\/LOGO-MBI.png","contentUrl":"https:\/\/mbinitiative.org\/wp-content\/uploads\/2023\/10\/LOGO-MBI.png","width":354,"height":168,"caption":"The Medulloblastoma Initiative"},"image":{"@id":"https:\/\/mbinitiative.org\/#\/schema\/logo\/image\/"},"sameAs":["https:\/\/www.facebook.com\/themedulloblastomainitiative","https:\/\/www.instagram.com\/medulloblastomainitiative\/","https:\/\/www.linkedin.com\/company\/medulloblastomainitiative\/","https:\/\/www.youtube.com\/@mbinitiative"]},{"@type":"Person","@id":"https:\/\/mbinitiative.org\/#\/schema\/person\/466abe8aeac08de69ff51a723b647b7f","name":"MBI","image":{"@type":"ImageObject","inLanguage":"pt-BR","@id":"https:\/\/secure.gravatar.com\/avatar\/6446aa8591e99bf1553d89bc19db5af72fd25b4c6593ea37fd3dae05f7f06bb2?s=96&d=mm&r=g","url":"https:\/\/secure.gravatar.com\/avatar\/6446aa8591e99bf1553d89bc19db5af72fd25b4c6593ea37fd3dae05f7f06bb2?s=96&d=mm&r=g","contentUrl":"https:\/\/secure.gravatar.com\/avatar\/6446aa8591e99bf1553d89bc19db5af72fd25b4c6593ea37fd3dae05f7f06bb2?s=96&d=mm&r=g","caption":"MBI"},"url":"https:\/\/mbinitiative.org\/pt\/author\/mbi\/"}]}},"_links":{"self":[{"href":"https:\/\/mbinitiative.org\/pt\/wp-json\/wp\/v2\/pages\/2233","targetHints":{"allow":["GET"]}}],"collection":[{"href":"https:\/\/mbinitiative.org\/pt\/wp-json\/wp\/v2\/pages"}],"about":[{"href":"https:\/\/mbinitiative.org\/pt\/wp-json\/wp\/v2\/types\/page"}],"author":[{"embeddable":true,"href":"https:\/\/mbinitiative.org\/pt\/wp-json\/wp\/v2\/users\/4"}],"replies":[{"embeddable":true,"href":"https:\/\/mbinitiative.org\/pt\/wp-json\/wp\/v2\/comments?post=2233"}],"version-history":[{"count":35,"href":"https:\/\/mbinitiative.org\/pt\/wp-json\/wp\/v2\/pages\/2233\/revisions"}],"predecessor-version":[{"id":3909,"href":"https:\/\/mbinitiative.org\/pt\/wp-json\/wp\/v2\/pages\/2233\/revisions\/3909"}],"wp:featuredmedia":[{"embeddable":true,"href":"https:\/\/mbinitiative.org\/pt\/wp-json\/wp\/v2\/media\/3098"}],"wp:attachment":[{"href":"https:\/\/mbinitiative.org\/pt\/wp-json\/wp\/v2\/media?parent=2233"}],"curies":[{"name":"wp","href":"https:\/\/api.w.org\/{rel}","templated":true}]}}